{"id":29,"date":"2021-07-20T19:55:12","date_gmt":"2021-07-20T17:55:12","guid":{"rendered":"http:\/\/autour-emeric-et-anthony.fr\/?page_id=29"},"modified":"2022-06-06T12:16:33","modified_gmt":"2022-06-06T10:16:33","slug":"nos-actions","status":"publish","type":"page","link":"https:\/\/autour-emeric-et-anthony.fr\/index.php\/nos-actions\/","title":{"rendered":"Nos Actions"},"content":{"rendered":"\n<h1 class=\"has-text-align-center has-large-font-size wp-block-heading\">DONS REALISES<\/h1>\n\n\n\n<p style=\"font-size:24px\"><strong><em>H\u00f4pital Sud de RENNES<\/em><\/strong><\/p>\n\n\n\n<figure class=\"wp-block-gallery has-nested-images columns-default is-cropped wp-block-gallery-1 is-layout-flex wp-block-gallery-is-layout-flex\">\n<figure class=\"wp-block-image size-large\"><img loading=\"lazy\" decoding=\"async\" width=\"724\" height=\"528\" data-id=\"71\" src=\"https:\/\/autour-emeric-et-anthony.fr\/wp-content\/uploads\/2021\/07\/Don1.png\" alt=\"\" class=\"wp-image-71\" srcset=\"https:\/\/autour-emeric-et-anthony.fr\/wp-content\/uploads\/2021\/07\/Don1.png 724w, https:\/\/autour-emeric-et-anthony.fr\/wp-content\/uploads\/2021\/07\/Don1-300x219.png 300w\" sizes=\"auto, (max-width: 724px) 100vw, 724px\" \/><figcaption><strong>L\u2019HOPITAL SUD DE RENNES<\/strong><br><strong>1<sup>er<\/sup> don en janvier 2011<\/strong><\/figcaption><\/figure>\n\n\n\n<figure class=\"wp-block-image size-large\"><img loading=\"lazy\" decoding=\"async\" width=\"730\" height=\"532\" data-id=\"73\" src=\"https:\/\/autour-emeric-et-anthony.fr\/wp-content\/uploads\/2021\/07\/Don2-1.png\" alt=\"\" class=\"wp-image-73\" srcset=\"https:\/\/autour-emeric-et-anthony.fr\/wp-content\/uploads\/2021\/07\/Don2-1.png 730w, https:\/\/autour-emeric-et-anthony.fr\/wp-content\/uploads\/2021\/07\/Don2-1-300x219.png 300w\" sizes=\"auto, (max-width: 730px) 100vw, 730px\" \/><figcaption><strong>2<sup>\u00e8me<\/sup> don \u00e0 l\u2019H\u00f4pital Sud de RENNES le 29 octobre 2012<\/strong><\/figcaption><\/figure>\n<\/figure>\n\n\n\n<figure class=\"wp-block-gallery has-nested-images columns-default is-cropped wp-block-gallery-2 is-layout-flex wp-block-gallery-is-layout-flex\">\n<figure class=\"wp-block-image size-large\"><img loading=\"lazy\" decoding=\"async\" width=\"744\" height=\"571\" data-id=\"77\" src=\"https:\/\/autour-emeric-et-anthony.fr\/wp-content\/uploads\/2021\/07\/Don3.png\" alt=\"\" class=\"wp-image-77\" srcset=\"https:\/\/autour-emeric-et-anthony.fr\/wp-content\/uploads\/2021\/07\/Don3.png 744w, https:\/\/autour-emeric-et-anthony.fr\/wp-content\/uploads\/2021\/07\/Don3-300x230.png 300w\" sizes=\"auto, (max-width: 744px) 100vw, 744px\" \/><figcaption><strong>3<sup>\u00e8me<\/sup> don \u00e0 l\u2019H\u00f4pital Sud de<br>RENNES le 26 mai 2014<\/strong><\/figcaption><\/figure>\n\n\n\n<figure class=\"wp-block-image size-large\"><img loading=\"lazy\" decoding=\"async\" width=\"738\" height=\"551\" data-id=\"79\" src=\"https:\/\/autour-emeric-et-anthony.fr\/wp-content\/uploads\/2021\/07\/Don4.png\" alt=\"\" class=\"wp-image-79\" srcset=\"https:\/\/autour-emeric-et-anthony.fr\/wp-content\/uploads\/2021\/07\/Don4.png 738w, https:\/\/autour-emeric-et-anthony.fr\/wp-content\/uploads\/2021\/07\/Don4-300x224.png 300w\" sizes=\"auto, (max-width: 738px) 100vw, 738px\" \/><figcaption><strong>4<sup>\u00e8me<\/sup> don \u00e0 l\u2019H\u00f4pital Sud de RENNES le 23 mars 2016<\/strong><\/figcaption><\/figure>\n<\/figure>\n\n\n\n<hr class=\"wp-block-separator has-css-opacity is-style-wide\"\/>\n\n\n\n<p style=\"font-size:24px\"><strong>L\u2019ASSOCIATION PETITS PRINCES<\/strong>, <strong>qui r\u00e9alise \u00e0 les r\u00eaves des enfants gravement malades \u00e0 PARIS<\/strong><\/p>\n\n\n\n<figure class=\"wp-block-gallery has-nested-images columns-default is-cropped wp-block-gallery-3 is-layout-flex wp-block-gallery-is-layout-flex\">\n<figure class=\"wp-block-image size-large\"><img loading=\"lazy\" decoding=\"async\" width=\"821\" height=\"543\" data-id=\"83\" src=\"https:\/\/autour-emeric-et-anthony.fr\/wp-content\/uploads\/2021\/07\/Don5.png\" alt=\"\" class=\"wp-image-83\" srcset=\"https:\/\/autour-emeric-et-anthony.fr\/wp-content\/uploads\/2021\/07\/Don5.png 821w, https:\/\/autour-emeric-et-anthony.fr\/wp-content\/uploads\/2021\/07\/Don5-300x198.png 300w, https:\/\/autour-emeric-et-anthony.fr\/wp-content\/uploads\/2021\/07\/Don5-768x508.png 768w\" sizes=\"auto, (max-width: 821px) 100vw, 821px\" \/><figcaption><strong>1<sup>er<\/sup> don en septembre 2011<\/strong><\/figcaption><\/figure>\n\n\n\n<figure class=\"wp-block-image size-large\"><img loading=\"lazy\" decoding=\"async\" width=\"656\" height=\"539\" data-id=\"84\" src=\"https:\/\/autour-emeric-et-anthony.fr\/wp-content\/uploads\/2021\/07\/Don6.png\" alt=\"\" class=\"wp-image-84\" srcset=\"https:\/\/autour-emeric-et-anthony.fr\/wp-content\/uploads\/2021\/07\/Don6.png 656w, https:\/\/autour-emeric-et-anthony.fr\/wp-content\/uploads\/2021\/07\/Don6-300x246.png 300w\" sizes=\"auto, (max-width: 656px) 100vw, 656px\" \/><figcaption><strong>2<sup>\u00e8me<\/sup> don \u00e0 l\u2019Association \u00ab&nbsp;Petits Princes&nbsp;\u00bb en 2014<\/strong><\/figcaption><\/figure>\n<\/figure>\n\n\n\n<div class=\"wp-block-columns is-layout-flex wp-container-core-columns-is-layout-9d6595d7 wp-block-columns-is-layout-flex\">\n<div class=\"wp-block-column is-layout-flow wp-block-column-is-layout-flow\">\n<figure class=\"wp-block-image size-large\"><img loading=\"lazy\" decoding=\"async\" width=\"732\" height=\"1024\" src=\"https:\/\/autour-emeric-et-anthony.fr\/wp-content\/uploads\/2022\/06\/Reve-Anouk-Petits-Princes-2-732x1024.jpg\" alt=\"\" class=\"wp-image-323\" srcset=\"https:\/\/autour-emeric-et-anthony.fr\/wp-content\/uploads\/2022\/06\/Reve-Anouk-Petits-Princes-2-732x1024.jpg 732w, https:\/\/autour-emeric-et-anthony.fr\/wp-content\/uploads\/2022\/06\/Reve-Anouk-Petits-Princes-2-214x300.jpg 214w, https:\/\/autour-emeric-et-anthony.fr\/wp-content\/uploads\/2022\/06\/Reve-Anouk-Petits-Princes-2-768x1075.jpg 768w, https:\/\/autour-emeric-et-anthony.fr\/wp-content\/uploads\/2022\/06\/Reve-Anouk-Petits-Princes-2-1098x1536.jpg 1098w, https:\/\/autour-emeric-et-anthony.fr\/wp-content\/uploads\/2022\/06\/Reve-Anouk-Petits-Princes-2-1463x2048.jpg 1463w, https:\/\/autour-emeric-et-anthony.fr\/wp-content\/uploads\/2022\/06\/Reve-Anouk-Petits-Princes-2.jpg 1587w\" sizes=\"auto, (max-width: 732px) 100vw, 732px\" \/><\/figure>\n<\/div>\n\n\n\n<div class=\"wp-block-column is-layout-flow wp-block-column-is-layout-flow\">\n<figure class=\"wp-block-image size-large\"><img loading=\"lazy\" decoding=\"async\" width=\"758\" height=\"1024\" src=\"https:\/\/autour-emeric-et-anthony.fr\/wp-content\/uploads\/2022\/06\/Photos-reve-Anouk-Petits-Princes-1-758x1024.jpg\" alt=\"\" class=\"wp-image-324\" srcset=\"https:\/\/autour-emeric-et-anthony.fr\/wp-content\/uploads\/2022\/06\/Photos-reve-Anouk-Petits-Princes-1-758x1024.jpg 758w, https:\/\/autour-emeric-et-anthony.fr\/wp-content\/uploads\/2022\/06\/Photos-reve-Anouk-Petits-Princes-1-222x300.jpg 222w, https:\/\/autour-emeric-et-anthony.fr\/wp-content\/uploads\/2022\/06\/Photos-reve-Anouk-Petits-Princes-1-768x1038.jpg 768w, https:\/\/autour-emeric-et-anthony.fr\/wp-content\/uploads\/2022\/06\/Photos-reve-Anouk-Petits-Princes-1-1137x1536.jpg 1137w, https:\/\/autour-emeric-et-anthony.fr\/wp-content\/uploads\/2022\/06\/Photos-reve-Anouk-Petits-Princes-1-1516x2048.jpg 1516w, https:\/\/autour-emeric-et-anthony.fr\/wp-content\/uploads\/2022\/06\/Photos-reve-Anouk-Petits-Princes-1.jpg 1617w\" sizes=\"auto, (max-width: 758px) 100vw, 758px\" \/><\/figure>\n<\/div>\n<\/div>\n\n\n\n<div class=\"wp-block-columns is-layout-flex wp-container-core-columns-is-layout-9d6595d7 wp-block-columns-is-layout-flex\">\n<div class=\"wp-block-column is-layout-flow wp-block-column-is-layout-flow\">\n<figure class=\"wp-block-image size-large\"><img loading=\"lazy\" decoding=\"async\" width=\"745\" height=\"1024\" src=\"https:\/\/autour-emeric-et-anthony.fr\/wp-content\/uploads\/2022\/06\/Reve-Ayline-Petits-Princes-001-2-745x1024.jpg\" alt=\"\" class=\"wp-image-325\" srcset=\"https:\/\/autour-emeric-et-anthony.fr\/wp-content\/uploads\/2022\/06\/Reve-Ayline-Petits-Princes-001-2-745x1024.jpg 745w, https:\/\/autour-emeric-et-anthony.fr\/wp-content\/uploads\/2022\/06\/Reve-Ayline-Petits-Princes-001-2-218x300.jpg 218w, https:\/\/autour-emeric-et-anthony.fr\/wp-content\/uploads\/2022\/06\/Reve-Ayline-Petits-Princes-001-2-768x1056.jpg 768w, https:\/\/autour-emeric-et-anthony.fr\/wp-content\/uploads\/2022\/06\/Reve-Ayline-Petits-Princes-001-2-1117x1536.jpg 1117w, https:\/\/autour-emeric-et-anthony.fr\/wp-content\/uploads\/2022\/06\/Reve-Ayline-Petits-Princes-001-2-1489x2048.jpg 1489w, https:\/\/autour-emeric-et-anthony.fr\/wp-content\/uploads\/2022\/06\/Reve-Ayline-Petits-Princes-001-2.jpg 1700w\" sizes=\"auto, (max-width: 745px) 100vw, 745px\" \/><\/figure>\n<\/div>\n\n\n\n<div class=\"wp-block-column is-layout-flow wp-block-column-is-layout-flow\">\n<figure class=\"wp-block-image size-large\"><img loading=\"lazy\" decoding=\"async\" width=\"745\" height=\"1024\" src=\"https:\/\/autour-emeric-et-anthony.fr\/wp-content\/uploads\/2022\/06\/Photos-reve-Ayline-Petits-Princes-001-2-745x1024.jpg\" alt=\"\" class=\"wp-image-326\" srcset=\"https:\/\/autour-emeric-et-anthony.fr\/wp-content\/uploads\/2022\/06\/Photos-reve-Ayline-Petits-Princes-001-2-745x1024.jpg 745w, https:\/\/autour-emeric-et-anthony.fr\/wp-content\/uploads\/2022\/06\/Photos-reve-Ayline-Petits-Princes-001-2-218x300.jpg 218w, https:\/\/autour-emeric-et-anthony.fr\/wp-content\/uploads\/2022\/06\/Photos-reve-Ayline-Petits-Princes-001-2-768x1056.jpg 768w, https:\/\/autour-emeric-et-anthony.fr\/wp-content\/uploads\/2022\/06\/Photos-reve-Ayline-Petits-Princes-001-2-1117x1536.jpg 1117w, https:\/\/autour-emeric-et-anthony.fr\/wp-content\/uploads\/2022\/06\/Photos-reve-Ayline-Petits-Princes-001-2-1489x2048.jpg 1489w, https:\/\/autour-emeric-et-anthony.fr\/wp-content\/uploads\/2022\/06\/Photos-reve-Ayline-Petits-Princes-001-2.jpg 1700w\" sizes=\"auto, (max-width: 745px) 100vw, 745px\" \/><\/figure>\n<\/div>\n<\/div>\n\n\n\n<div class=\"wp-block-columns is-layout-flex wp-container-core-columns-is-layout-9d6595d7 wp-block-columns-is-layout-flex\">\n<div class=\"wp-block-column is-layout-flow wp-block-column-is-layout-flow\">\n<figure class=\"wp-block-image size-large\"><img loading=\"lazy\" decoding=\"async\" width=\"739\" height=\"1024\" src=\"https:\/\/autour-emeric-et-anthony.fr\/wp-content\/uploads\/2022\/06\/Reve-Celeste-Petits-Princes-2-739x1024.jpg\" alt=\"\" class=\"wp-image-327\" srcset=\"https:\/\/autour-emeric-et-anthony.fr\/wp-content\/uploads\/2022\/06\/Reve-Celeste-Petits-Princes-2-739x1024.jpg 739w, https:\/\/autour-emeric-et-anthony.fr\/wp-content\/uploads\/2022\/06\/Reve-Celeste-Petits-Princes-2-216x300.jpg 216w, https:\/\/autour-emeric-et-anthony.fr\/wp-content\/uploads\/2022\/06\/Reve-Celeste-Petits-Princes-2-768x1065.jpg 768w, https:\/\/autour-emeric-et-anthony.fr\/wp-content\/uploads\/2022\/06\/Reve-Celeste-Petits-Princes-2-1108x1536.jpg 1108w, https:\/\/autour-emeric-et-anthony.fr\/wp-content\/uploads\/2022\/06\/Reve-Celeste-Petits-Princes-2-1477x2048.jpg 1477w, https:\/\/autour-emeric-et-anthony.fr\/wp-content\/uploads\/2022\/06\/Reve-Celeste-Petits-Princes-2.jpg 1626w\" sizes=\"auto, (max-width: 739px) 100vw, 739px\" \/><\/figure>\n<\/div>\n\n\n\n<div class=\"wp-block-column is-layout-flow wp-block-column-is-layout-flow\">\n<figure class=\"wp-block-image size-large\"><img loading=\"lazy\" decoding=\"async\" width=\"734\" height=\"1024\" src=\"https:\/\/autour-emeric-et-anthony.fr\/wp-content\/uploads\/2022\/06\/Photos-reve-Celeste-Petits-Princes-2-734x1024.jpg\" alt=\"\" class=\"wp-image-328\" srcset=\"https:\/\/autour-emeric-et-anthony.fr\/wp-content\/uploads\/2022\/06\/Photos-reve-Celeste-Petits-Princes-2-734x1024.jpg 734w, https:\/\/autour-emeric-et-anthony.fr\/wp-content\/uploads\/2022\/06\/Photos-reve-Celeste-Petits-Princes-2-215x300.jpg 215w, https:\/\/autour-emeric-et-anthony.fr\/wp-content\/uploads\/2022\/06\/Photos-reve-Celeste-Petits-Princes-2-768x1071.jpg 768w, https:\/\/autour-emeric-et-anthony.fr\/wp-content\/uploads\/2022\/06\/Photos-reve-Celeste-Petits-Princes-2-1102x1536.jpg 1102w, https:\/\/autour-emeric-et-anthony.fr\/wp-content\/uploads\/2022\/06\/Photos-reve-Celeste-Petits-Princes-2-1469x2048.jpg 1469w, https:\/\/autour-emeric-et-anthony.fr\/wp-content\/uploads\/2022\/06\/Photos-reve-Celeste-Petits-Princes-2.jpg 1583w\" sizes=\"auto, (max-width: 734px) 100vw, 734px\" \/><\/figure>\n<\/div>\n<\/div>\n\n\n\n<div class=\"wp-block-columns is-layout-flex wp-container-core-columns-is-layout-9d6595d7 wp-block-columns-is-layout-flex\">\n<div class=\"wp-block-column is-layout-flow wp-block-column-is-layout-flow\">\n<figure class=\"wp-block-image size-large\"><img loading=\"lazy\" decoding=\"async\" width=\"745\" height=\"1024\" src=\"https:\/\/autour-emeric-et-anthony.fr\/wp-content\/uploads\/2022\/06\/Reve-Laurie-Petits-Princes-1-745x1024.jpg\" alt=\"\" class=\"wp-image-329\" srcset=\"https:\/\/autour-emeric-et-anthony.fr\/wp-content\/uploads\/2022\/06\/Reve-Laurie-Petits-Princes-1-745x1024.jpg 745w, https:\/\/autour-emeric-et-anthony.fr\/wp-content\/uploads\/2022\/06\/Reve-Laurie-Petits-Princes-1-218x300.jpg 218w, https:\/\/autour-emeric-et-anthony.fr\/wp-content\/uploads\/2022\/06\/Reve-Laurie-Petits-Princes-1-768x1056.jpg 768w, https:\/\/autour-emeric-et-anthony.fr\/wp-content\/uploads\/2022\/06\/Reve-Laurie-Petits-Princes-1-1117x1536.jpg 1117w, https:\/\/autour-emeric-et-anthony.fr\/wp-content\/uploads\/2022\/06\/Reve-Laurie-Petits-Princes-1-1489x2048.jpg 1489w, https:\/\/autour-emeric-et-anthony.fr\/wp-content\/uploads\/2022\/06\/Reve-Laurie-Petits-Princes-1.jpg 1700w\" sizes=\"auto, (max-width: 745px) 100vw, 745px\" \/><\/figure>\n<\/div>\n\n\n\n<div class=\"wp-block-column is-layout-flow wp-block-column-is-layout-flow\">\n<figure class=\"wp-block-image size-large\"><img loading=\"lazy\" decoding=\"async\" width=\"745\" height=\"1024\" src=\"https:\/\/autour-emeric-et-anthony.fr\/wp-content\/uploads\/2022\/06\/Photos-reve-Laurie-Petits-Princes-1-745x1024.jpg\" alt=\"\" class=\"wp-image-330\" srcset=\"https:\/\/autour-emeric-et-anthony.fr\/wp-content\/uploads\/2022\/06\/Photos-reve-Laurie-Petits-Princes-1-745x1024.jpg 745w, https:\/\/autour-emeric-et-anthony.fr\/wp-content\/uploads\/2022\/06\/Photos-reve-Laurie-Petits-Princes-1-218x300.jpg 218w, https:\/\/autour-emeric-et-anthony.fr\/wp-content\/uploads\/2022\/06\/Photos-reve-Laurie-Petits-Princes-1-768x1056.jpg 768w, https:\/\/autour-emeric-et-anthony.fr\/wp-content\/uploads\/2022\/06\/Photos-reve-Laurie-Petits-Princes-1-1117x1536.jpg 1117w, https:\/\/autour-emeric-et-anthony.fr\/wp-content\/uploads\/2022\/06\/Photos-reve-Laurie-Petits-Princes-1-1489x2048.jpg 1489w, https:\/\/autour-emeric-et-anthony.fr\/wp-content\/uploads\/2022\/06\/Photos-reve-Laurie-Petits-Princes-1.jpg 1700w\" sizes=\"auto, (max-width: 745px) 100vw, 745px\" \/><\/figure>\n<\/div>\n<\/div>\n\n\n<div class=\"wp-block-image\">\n<figure class=\"aligncenter size-large\"><img loading=\"lazy\" decoding=\"async\" width=\"708\" height=\"1024\" src=\"https:\/\/autour-emeric-et-anthony.fr\/wp-content\/uploads\/2022\/06\/Reve-Bryan-Petits-Princes-1-708x1024.jpg\" alt=\"\" class=\"wp-image-331\" srcset=\"https:\/\/autour-emeric-et-anthony.fr\/wp-content\/uploads\/2022\/06\/Reve-Bryan-Petits-Princes-1-708x1024.jpg 708w, https:\/\/autour-emeric-et-anthony.fr\/wp-content\/uploads\/2022\/06\/Reve-Bryan-Petits-Princes-1-207x300.jpg 207w, https:\/\/autour-emeric-et-anthony.fr\/wp-content\/uploads\/2022\/06\/Reve-Bryan-Petits-Princes-1-768x1111.jpg 768w, https:\/\/autour-emeric-et-anthony.fr\/wp-content\/uploads\/2022\/06\/Reve-Bryan-Petits-Princes-1-1062x1536.jpg 1062w, https:\/\/autour-emeric-et-anthony.fr\/wp-content\/uploads\/2022\/06\/Reve-Bryan-Petits-Princes-1-1415x2048.jpg 1415w, https:\/\/autour-emeric-et-anthony.fr\/wp-content\/uploads\/2022\/06\/Reve-Bryan-Petits-Princes-1.jpg 1537w\" sizes=\"auto, (max-width: 708px) 100vw, 708px\" \/><\/figure>\n<\/div>\n\n\n<hr class=\"wp-block-separator has-alpha-channel-opacity\"\/>\n\n\n\n<h2 class=\"has-text-align-center has-large-font-size wp-block-heading\">TEMOIGNAGES<\/h2>\n\n\n\n<blockquote class=\"wp-block-quote is-layout-flow wp-block-quote-is-layout-flow\"><p><strong>T\u00e9moignage d&rsquo;Estelle du 08\/09\/2021 lors de son inscription aux Foul\u00e9es 2021<\/strong><\/p><cite>\u00ab\u00a0Je profite de ce mail pour vous remercier du fond du c\u0153ur. Je fais votre course depuis plusieurs ann\u00e9es. Celle-ci a pris une autre dimension \u00e0 mes yeux cette ann\u00e9e.<br>Notre fille a \u00e9t\u00e9 hospitalis\u00e9e au service h\u00e9matologie de l&rsquo;h\u00f4pital sud pour une leuc\u00e9mie en octobre dernier. Le lecteur DVD de la chambre portait votre autocollant. Il est difficile de comprendre la valeur d&rsquo;un tel objet insignifiant dans nos maisons. Pourtant ce lecteur DVD \u00e9tait important, tellement important. Comme toutes les choses insignifiantes pr\u00e9sentes dans ce service : les clowns, la salle des parents&#8230; toutes ces petites choses qui nous apportent une bouff\u00e9e d&rsquo;air dans ces moments tellement difficiles et nous font un peu sentir comme chez nous.<br>Nous avons eu de la chance, notre fille va mieux, elle est en r\u00e9mission, nous croisons les doigts pour que cela se poursuive.<br>Alors merci encore d&rsquo;avoir la force et le courage de poursuivre vos actions pour nos enfants.<br><br>Estelle\u00a0\u00bb<\/cite><\/blockquote>\n\n\n\n<blockquote class=\"wp-block-quote is-layout-flow wp-block-quote-is-layout-flow\"><p><strong>T\u00e9moignage de Fabienne du 14\/05\/2022<\/strong><\/p><cite>\u00ab\u00a0Je suis fabienne, maman de 3 enfants,&nbsp;et ma fille lilwenn vient d \u00eatre diagnostiquer d&rsquo;un sarcome d&rsquo;ewing.&nbsp; Elle a commencer ses chimio le 15 mars \u00e0 l&rsquo;h\u00f4pital de Rennes h\u00f4pital sud .<br>Je d\u00e9couvre votre association &#8230;&nbsp;<br>Et bravo.<br>Cordialement<br>Mme le verge fabienne\u00a0\u00bb<\/cite><\/blockquote>\n\n\n\n<hr class=\"wp-block-separator has-css-opacity is-style-wide\"\/>\n\n\n\n<h1 class=\"has-text-align-center has-large-font-size wp-block-heading\">MANIFESTATIONS SPORTIVES&nbsp;&nbsp;<\/h1>\n\n\n\n<p class=\"has-text-align-center\" style=\"font-size:28px\"><strong>DANS LESQUELLES L\u2019ASSOCIATION A \u00c9T\u00c9 REPRESENTEE<\/strong><\/p>\n\n\n\n<p style=\"font-size:24px\"><strong><em>6 HEURES DE VTT<\/em><\/strong><strong> <em>organis\u00e9es par le Team CORDON<\/em><\/strong><\/p>\n\n\n\n<p>De 2005 \u00e0 2010, l\u2019association a form\u00e9 2 \u00e0 3 \u00e9quipes de 3 v\u00e9t\u00e9tistes qui ont roul\u00e9 pendant 6 heures sur un circuit \u00e0 PLOUER-SUR-RANCE<\/p>\n\n\n\n<figure class=\"wp-block-gallery has-nested-images columns-default is-cropped wp-block-gallery-4 is-layout-flex wp-block-gallery-is-layout-flex\">\n<figure class=\"wp-block-image size-large\"><img loading=\"lazy\" decoding=\"async\" width=\"929\" height=\"609\" data-id=\"93\" src=\"https:\/\/autour-emeric-et-anthony.fr\/wp-content\/uploads\/2021\/07\/ren1.png\" alt=\"\" class=\"wp-image-93\" srcset=\"https:\/\/autour-emeric-et-anthony.fr\/wp-content\/uploads\/2021\/07\/ren1.png 929w, https:\/\/autour-emeric-et-anthony.fr\/wp-content\/uploads\/2021\/07\/ren1-300x197.png 300w, https:\/\/autour-emeric-et-anthony.fr\/wp-content\/uploads\/2021\/07\/ren1-768x503.png 768w\" sizes=\"auto, (max-width: 929px) 100vw, 929px\" \/><figcaption>18\/09\/2005<\/figcaption><\/figure>\n\n\n\n<figure class=\"wp-block-image size-large\"><img loading=\"lazy\" decoding=\"async\" width=\"958\" height=\"634\" data-id=\"94\" src=\"https:\/\/autour-emeric-et-anthony.fr\/wp-content\/uploads\/2021\/07\/ren2.png\" alt=\"\" class=\"wp-image-94\" srcset=\"https:\/\/autour-emeric-et-anthony.fr\/wp-content\/uploads\/2021\/07\/ren2.png 958w, https:\/\/autour-emeric-et-anthony.fr\/wp-content\/uploads\/2021\/07\/ren2-300x199.png 300w, https:\/\/autour-emeric-et-anthony.fr\/wp-content\/uploads\/2021\/07\/ren2-768x508.png 768w\" sizes=\"auto, (max-width: 958px) 100vw, 958px\" \/><figcaption>18\/09\/2005<\/figcaption><\/figure>\n\n\n\n<figure class=\"wp-block-image size-large\"><img loading=\"lazy\" decoding=\"async\" width=\"900\" height=\"599\" data-id=\"96\" src=\"https:\/\/autour-emeric-et-anthony.fr\/wp-content\/uploads\/2021\/07\/ren3.png\" alt=\"\" class=\"wp-image-96\" srcset=\"https:\/\/autour-emeric-et-anthony.fr\/wp-content\/uploads\/2021\/07\/ren3.png 900w, https:\/\/autour-emeric-et-anthony.fr\/wp-content\/uploads\/2021\/07\/ren3-300x200.png 300w, https:\/\/autour-emeric-et-anthony.fr\/wp-content\/uploads\/2021\/07\/ren3-768x511.png 768w\" sizes=\"auto, (max-width: 900px) 100vw, 900px\" \/><figcaption>18\/09\/2005<\/figcaption><\/figure>\n<\/figure>\n\n\n\n<figure class=\"wp-block-gallery has-nested-images columns-default is-cropped wp-block-gallery-5 is-layout-flex wp-block-gallery-is-layout-flex\">\n<figure class=\"wp-block-image size-large\"><img loading=\"lazy\" decoding=\"async\" width=\"906\" height=\"669\" data-id=\"98\" src=\"https:\/\/autour-emeric-et-anthony.fr\/wp-content\/uploads\/2021\/07\/ren4.png\" alt=\"\" class=\"wp-image-98\" srcset=\"https:\/\/autour-emeric-et-anthony.fr\/wp-content\/uploads\/2021\/07\/ren4.png 906w, https:\/\/autour-emeric-et-anthony.fr\/wp-content\/uploads\/2021\/07\/ren4-300x222.png 300w, https:\/\/autour-emeric-et-anthony.fr\/wp-content\/uploads\/2021\/07\/ren4-768x567.png 768w\" sizes=\"auto, (max-width: 906px) 100vw, 906px\" \/><figcaption>2008<\/figcaption><\/figure>\n\n\n\n<figure class=\"wp-block-image size-large\"><img loading=\"lazy\" decoding=\"async\" width=\"901\" height=\"651\" data-id=\"100\" src=\"https:\/\/autour-emeric-et-anthony.fr\/wp-content\/uploads\/2021\/07\/ren5.png\" alt=\"\" class=\"wp-image-100\" srcset=\"https:\/\/autour-emeric-et-anthony.fr\/wp-content\/uploads\/2021\/07\/ren5.png 901w, https:\/\/autour-emeric-et-anthony.fr\/wp-content\/uploads\/2021\/07\/ren5-300x217.png 300w, https:\/\/autour-emeric-et-anthony.fr\/wp-content\/uploads\/2021\/07\/ren5-768x555.png 768w\" sizes=\"auto, (max-width: 901px) 100vw, 901px\" \/><figcaption>2008<\/figcaption><\/figure>\n\n\n\n<figure class=\"wp-block-image size-large\"><img loading=\"lazy\" decoding=\"async\" width=\"909\" height=\"683\" data-id=\"102\" src=\"https:\/\/autour-emeric-et-anthony.fr\/wp-content\/uploads\/2021\/07\/ren8-1.png\" alt=\"\" class=\"wp-image-102\" srcset=\"https:\/\/autour-emeric-et-anthony.fr\/wp-content\/uploads\/2021\/07\/ren8-1.png 909w, https:\/\/autour-emeric-et-anthony.fr\/wp-content\/uploads\/2021\/07\/ren8-1-300x225.png 300w, https:\/\/autour-emeric-et-anthony.fr\/wp-content\/uploads\/2021\/07\/ren8-1-768x577.png 768w\" sizes=\"auto, (max-width: 909px) 100vw, 909px\" \/><figcaption>2008<\/figcaption><\/figure>\n<\/figure>\n\n\n\n<hr class=\"wp-block-separator has-css-opacity\"\/>\n\n\n\n<p style=\"font-size:24px\"><strong>JOUTES NAUTIQUES<\/strong><\/p>\n\n\n\n<p>De 2004 \u00e0 2010, l\u2019association a form\u00e9 une \u00e9quipe aux Joutes Nautiques organis\u00e9es par le club des Kiwanis du Pays de Dinan chaque ann\u00e9e au mois de juillet au Port de DINAN.<\/p>\n\n\n\n<figure class=\"wp-block-gallery has-nested-images columns-default is-cropped wp-block-gallery-6 is-layout-flex wp-block-gallery-is-layout-flex\">\n<figure class=\"wp-block-image size-large\"><img loading=\"lazy\" decoding=\"async\" width=\"938\" height=\"672\" data-id=\"103\" src=\"https:\/\/autour-emeric-et-anthony.fr\/wp-content\/uploads\/2021\/07\/ren9.png\" alt=\"\" class=\"wp-image-103\" srcset=\"https:\/\/autour-emeric-et-anthony.fr\/wp-content\/uploads\/2021\/07\/ren9.png 938w, https:\/\/autour-emeric-et-anthony.fr\/wp-content\/uploads\/2021\/07\/ren9-300x215.png 300w, https:\/\/autour-emeric-et-anthony.fr\/wp-content\/uploads\/2021\/07\/ren9-768x550.png 768w\" sizes=\"auto, (max-width: 938px) 100vw, 938px\" \/><figcaption>Equipe Joutes Nautiques<\/figcaption><\/figure>\n\n\n\n<figure class=\"wp-block-image size-large\"><img loading=\"lazy\" decoding=\"async\" width=\"925\" height=\"692\" data-id=\"104\" src=\"https:\/\/autour-emeric-et-anthony.fr\/wp-content\/uploads\/2021\/07\/ren10.png\" alt=\"\" class=\"wp-image-104\" srcset=\"https:\/\/autour-emeric-et-anthony.fr\/wp-content\/uploads\/2021\/07\/ren10.png 925w, https:\/\/autour-emeric-et-anthony.fr\/wp-content\/uploads\/2021\/07\/ren10-300x224.png 300w, https:\/\/autour-emeric-et-anthony.fr\/wp-content\/uploads\/2021\/07\/ren10-768x575.png 768w\" sizes=\"auto, (max-width: 925px) 100vw, 925px\" \/><figcaption>Equipe Joutes Nautiques<\/figcaption><\/figure>\n\n\n\n<figure class=\"wp-block-image size-large\"><img loading=\"lazy\" decoding=\"async\" width=\"911\" height=\"584\" data-id=\"105\" src=\"https:\/\/autour-emeric-et-anthony.fr\/wp-content\/uploads\/2021\/07\/ren11.png\" alt=\"\" class=\"wp-image-105\" srcset=\"https:\/\/autour-emeric-et-anthony.fr\/wp-content\/uploads\/2021\/07\/ren11.png 911w, https:\/\/autour-emeric-et-anthony.fr\/wp-content\/uploads\/2021\/07\/ren11-300x192.png 300w, https:\/\/autour-emeric-et-anthony.fr\/wp-content\/uploads\/2021\/07\/ren11-768x492.png 768w\" sizes=\"auto, (max-width: 911px) 100vw, 911px\" \/><figcaption>24\/05\/2006<\/figcaption><\/figure>\n<\/figure>\n\n\n\n<figure class=\"wp-block-gallery has-nested-images columns-default is-cropped wp-block-gallery-7 is-layout-flex wp-block-gallery-is-layout-flex\">\n<figure class=\"wp-block-image size-large\"><img loading=\"lazy\" decoding=\"async\" width=\"455\" height=\"712\" data-id=\"106\" src=\"https:\/\/autour-emeric-et-anthony.fr\/wp-content\/uploads\/2021\/07\/ren12.png\" alt=\"\" class=\"wp-image-106\" srcset=\"https:\/\/autour-emeric-et-anthony.fr\/wp-content\/uploads\/2021\/07\/ren12.png 455w, https:\/\/autour-emeric-et-anthony.fr\/wp-content\/uploads\/2021\/07\/ren12-192x300.png 192w\" sizes=\"auto, (max-width: 455px) 100vw, 455px\" \/><figcaption>25\/05\/2006<br>Remise d&rsquo;une troph\u00e9e par l&rsquo;organisation Kiwanis a Dinan<\/figcaption><\/figure>\n\n\n\n<figure class=\"wp-block-image size-large\"><img loading=\"lazy\" decoding=\"async\" width=\"898\" height=\"673\" data-id=\"107\" src=\"https:\/\/autour-emeric-et-anthony.fr\/wp-content\/uploads\/2021\/07\/ren13.png\" alt=\"\" class=\"wp-image-107\" srcset=\"https:\/\/autour-emeric-et-anthony.fr\/wp-content\/uploads\/2021\/07\/ren13.png 898w, https:\/\/autour-emeric-et-anthony.fr\/wp-content\/uploads\/2021\/07\/ren13-300x225.png 300w, https:\/\/autour-emeric-et-anthony.fr\/wp-content\/uploads\/2021\/07\/ren13-768x576.png 768w\" sizes=\"auto, (max-width: 898px) 100vw, 898px\" \/><figcaption>2008<\/figcaption><\/figure>\n<\/figure>\n\n\n\n<hr class=\"wp-block-separator has-css-opacity\"\/>\n\n\n\n<p style=\"font-size:24px\"><strong>FOULEES EVRANNAISES<\/strong><\/p>\n\n\n\n<p>Organis\u00e9es par B\u00e9atrice FAISANT, les Foul\u00e9es Evrannaises ont lieu en avril \u00e0 EVRAN et ont pour objectif de \u00ab&nbsp;courir pour un enfant&nbsp;\u00bb : les premiers enfants pour lesquels tant de coureurs se sont surpass\u00e9s ont \u00e9t\u00e9 EMERIC et ANTHONY.<\/p>\n\n\n\n<figure class=\"wp-block-gallery has-nested-images columns-default is-cropped wp-block-gallery-8 is-layout-flex wp-block-gallery-is-layout-flex\">\n<figure class=\"wp-block-image size-large\"><img loading=\"lazy\" decoding=\"async\" width=\"896\" height=\"604\" data-id=\"108\" src=\"https:\/\/autour-emeric-et-anthony.fr\/wp-content\/uploads\/2021\/07\/ren14.png\" alt=\"\" class=\"wp-image-108\" srcset=\"https:\/\/autour-emeric-et-anthony.fr\/wp-content\/uploads\/2021\/07\/ren14.png 896w, https:\/\/autour-emeric-et-anthony.fr\/wp-content\/uploads\/2021\/07\/ren14-300x202.png 300w, https:\/\/autour-emeric-et-anthony.fr\/wp-content\/uploads\/2021\/07\/ren14-768x518.png 768w\" sizes=\"auto, (max-width: 896px) 100vw, 896px\" \/><figcaption>14\/04\/2006<\/figcaption><\/figure>\n\n\n\n<figure class=\"wp-block-image size-large\"><img loading=\"lazy\" decoding=\"async\" width=\"905\" height=\"666\" data-id=\"110\" src=\"https:\/\/autour-emeric-et-anthony.fr\/wp-content\/uploads\/2021\/07\/ren15.png\" alt=\"\" class=\"wp-image-110\" srcset=\"https:\/\/autour-emeric-et-anthony.fr\/wp-content\/uploads\/2021\/07\/ren15.png 905w, https:\/\/autour-emeric-et-anthony.fr\/wp-content\/uploads\/2021\/07\/ren15-300x221.png 300w, https:\/\/autour-emeric-et-anthony.fr\/wp-content\/uploads\/2021\/07\/ren15-768x565.png 768w\" sizes=\"auto, (max-width: 905px) 100vw, 905px\" \/><figcaption>D\u00e9part de la Foul\u00e9es Evrannaises<\/figcaption><\/figure>\n<\/figure>\n\n\n\n<hr class=\"wp-block-separator has-css-opacity\"\/>\n\n\n\n<p style=\"font-size:24px\"><strong>Tournoi des 6 heures de bowling LE BELEM \u00e0 TADEN<\/strong><\/p>\n\n\n\n<figure class=\"wp-block-gallery has-nested-images columns-default is-cropped wp-block-gallery-9 is-layout-flex wp-block-gallery-is-layout-flex\">\n<figure class=\"wp-block-image size-large\"><img loading=\"lazy\" decoding=\"async\" width=\"1024\" height=\"678\" data-id=\"112\" src=\"https:\/\/autour-emeric-et-anthony.fr\/wp-content\/uploads\/2021\/07\/sport-alley-ball-game-1024x678.jpg\" alt=\"\" class=\"wp-image-112\" srcset=\"https:\/\/autour-emeric-et-anthony.fr\/wp-content\/uploads\/2021\/07\/sport-alley-ball-game-1024x678.jpg 1024w, https:\/\/autour-emeric-et-anthony.fr\/wp-content\/uploads\/2021\/07\/sport-alley-ball-game-300x199.jpg 300w, https:\/\/autour-emeric-et-anthony.fr\/wp-content\/uploads\/2021\/07\/sport-alley-ball-game-768x509.jpg 768w, https:\/\/autour-emeric-et-anthony.fr\/wp-content\/uploads\/2021\/07\/sport-alley-ball-game-1536x1017.jpg 1536w, https:\/\/autour-emeric-et-anthony.fr\/wp-content\/uploads\/2021\/07\/sport-alley-ball-game-2048x1356.jpg 2048w\" sizes=\"auto, (max-width: 1024px) 100vw, 1024px\" \/><\/figure>\n<\/figure>\n\n\n\n<hr class=\"wp-block-separator has-css-opacity\"\/>\n\n\n\n<p style=\"font-size:24px\"><strong>Foul\u00e9es d\u2019Emeric et Anthony<\/strong><\/p>\n\n\n\n<p>Depuis 2010 les foul\u00e9es d&rsquo;Emeric et Anthony sont organis\u00e9 , circuit certifi\u00e9 officielle de la FFA<\/p>\n\n\n<div class=\"wp-block-image\">\n<figure class=\"aligncenter size-large\"><img loading=\"lazy\" decoding=\"async\" width=\"558\" height=\"788\" src=\"https:\/\/autour-emeric-et-anthony.fr\/wp-content\/uploads\/2021\/07\/Certificat-enregistrement-mesurage.png\" alt=\"\" class=\"wp-image-166\" srcset=\"https:\/\/autour-emeric-et-anthony.fr\/wp-content\/uploads\/2021\/07\/Certificat-enregistrement-mesurage.png 558w, https:\/\/autour-emeric-et-anthony.fr\/wp-content\/uploads\/2021\/07\/Certificat-enregistrement-mesurage-212x300.png 212w\" sizes=\"auto, (max-width: 558px) 100vw, 558px\" \/><figcaption>la certification officielle de la FFA<\/figcaption><\/figure>\n<\/div>\n\n\n<p><strong>2011<\/strong><\/p>\n\n\n\n<figure class=\"wp-block-gallery has-nested-images columns-default is-cropped wp-block-gallery-10 is-layout-flex wp-block-gallery-is-layout-flex\">\n<figure class=\"wp-block-image size-large\"><img loading=\"lazy\" decoding=\"async\" width=\"934\" height=\"595\" data-id=\"116\" src=\"https:\/\/autour-emeric-et-anthony.fr\/wp-content\/uploads\/2021\/07\/ren17.png\" alt=\"\" class=\"wp-image-116\" srcset=\"https:\/\/autour-emeric-et-anthony.fr\/wp-content\/uploads\/2021\/07\/ren17.png 934w, https:\/\/autour-emeric-et-anthony.fr\/wp-content\/uploads\/2021\/07\/ren17-300x191.png 300w, https:\/\/autour-emeric-et-anthony.fr\/wp-content\/uploads\/2021\/07\/ren17-768x489.png 768w\" sizes=\"auto, (max-width: 934px) 100vw, 934px\" \/><figcaption>2011<\/figcaption><\/figure>\n\n\n\n<figure class=\"wp-block-image size-large\"><img loading=\"lazy\" decoding=\"async\" width=\"970\" height=\"655\" data-id=\"117\" src=\"https:\/\/autour-emeric-et-anthony.fr\/wp-content\/uploads\/2021\/07\/ren18.png\" alt=\"\" class=\"wp-image-117\" srcset=\"https:\/\/autour-emeric-et-anthony.fr\/wp-content\/uploads\/2021\/07\/ren18.png 970w, https:\/\/autour-emeric-et-anthony.fr\/wp-content\/uploads\/2021\/07\/ren18-300x203.png 300w, https:\/\/autour-emeric-et-anthony.fr\/wp-content\/uploads\/2021\/07\/ren18-768x519.png 768w\" sizes=\"auto, (max-width: 970px) 100vw, 970px\" \/><figcaption>2011<\/figcaption><\/figure>\n<\/figure>\n\n\n\n<figure class=\"wp-block-gallery has-nested-images columns-default is-cropped wp-block-gallery-11 is-layout-flex wp-block-gallery-is-layout-flex\">\n<figure class=\"wp-block-image size-large\"><img loading=\"lazy\" decoding=\"async\" width=\"976\" height=\"650\" data-id=\"118\" src=\"https:\/\/autour-emeric-et-anthony.fr\/wp-content\/uploads\/2021\/07\/ren19.png\" alt=\"\" class=\"wp-image-118\" srcset=\"https:\/\/autour-emeric-et-anthony.fr\/wp-content\/uploads\/2021\/07\/ren19.png 976w, https:\/\/autour-emeric-et-anthony.fr\/wp-content\/uploads\/2021\/07\/ren19-300x200.png 300w, https:\/\/autour-emeric-et-anthony.fr\/wp-content\/uploads\/2021\/07\/ren19-768x511.png 768w\" sizes=\"auto, (max-width: 976px) 100vw, 976px\" \/><figcaption>2011<\/figcaption><\/figure>\n\n\n\n<figure class=\"wp-block-image size-large\"><img loading=\"lazy\" decoding=\"async\" width=\"909\" height=\"652\" data-id=\"119\" src=\"https:\/\/autour-emeric-et-anthony.fr\/wp-content\/uploads\/2021\/07\/ren20.png\" alt=\"\" class=\"wp-image-119\" srcset=\"https:\/\/autour-emeric-et-anthony.fr\/wp-content\/uploads\/2021\/07\/ren20.png 909w, https:\/\/autour-emeric-et-anthony.fr\/wp-content\/uploads\/2021\/07\/ren20-300x215.png 300w, https:\/\/autour-emeric-et-anthony.fr\/wp-content\/uploads\/2021\/07\/ren20-768x551.png 768w\" sizes=\"auto, (max-width: 909px) 100vw, 909px\" \/><figcaption>2011<\/figcaption><\/figure>\n<\/figure>\n\n\n\n<p>2012<\/p>\n\n\n\n<figure class=\"wp-block-gallery has-nested-images columns-default is-cropped wp-block-gallery-12 is-layout-flex wp-block-gallery-is-layout-flex\">\n<figure class=\"wp-block-image size-large\"><img loading=\"lazy\" decoding=\"async\" width=\"541\" height=\"416\" data-id=\"121\" src=\"https:\/\/autour-emeric-et-anthony.fr\/wp-content\/uploads\/2021\/07\/ren21.png\" alt=\"\" class=\"wp-image-121\" srcset=\"https:\/\/autour-emeric-et-anthony.fr\/wp-content\/uploads\/2021\/07\/ren21.png 541w, https:\/\/autour-emeric-et-anthony.fr\/wp-content\/uploads\/2021\/07\/ren21-300x231.png 300w\" sizes=\"auto, (max-width: 541px) 100vw, 541px\" \/><figcaption>2012<\/figcaption><\/figure>\n\n\n\n<figure class=\"wp-block-image size-large\"><img loading=\"lazy\" decoding=\"async\" width=\"217\" height=\"329\" data-id=\"122\" src=\"https:\/\/autour-emeric-et-anthony.fr\/wp-content\/uploads\/2021\/07\/ren22.png\" alt=\"\" class=\"wp-image-122\" srcset=\"https:\/\/autour-emeric-et-anthony.fr\/wp-content\/uploads\/2021\/07\/ren22.png 217w, https:\/\/autour-emeric-et-anthony.fr\/wp-content\/uploads\/2021\/07\/ren22-198x300.png 198w\" sizes=\"auto, (max-width: 217px) 100vw, 217px\" \/><figcaption>2012<\/figcaption><\/figure>\n\n\n\n<figure class=\"wp-block-image size-large\"><img loading=\"lazy\" decoding=\"async\" width=\"182\" height=\"325\" data-id=\"123\" src=\"https:\/\/autour-emeric-et-anthony.fr\/wp-content\/uploads\/2021\/07\/ren23.png\" alt=\"\" class=\"wp-image-123\" srcset=\"https:\/\/autour-emeric-et-anthony.fr\/wp-content\/uploads\/2021\/07\/ren23.png 182w, https:\/\/autour-emeric-et-anthony.fr\/wp-content\/uploads\/2021\/07\/ren23-168x300.png 168w\" sizes=\"auto, (max-width: 182px) 100vw, 182px\" \/><figcaption>2012<\/figcaption><\/figure>\n<\/figure>\n\n\n\n<p><strong>chaque ann\u00e9e lors des Foul\u00e9es, un enfant handicap\u00e9 participe \u00e0 la course gr\u00e2ce \u00e0 la jo\u00e9lette<\/strong><\/p>\n\n\n\n<figure class=\"wp-block-gallery has-nested-images columns-default is-cropped wp-block-gallery-13 is-layout-flex wp-block-gallery-is-layout-flex\">\n<figure class=\"wp-block-image size-large\"><img loading=\"lazy\" decoding=\"async\" width=\"589\" height=\"381\" data-id=\"125\" src=\"https:\/\/autour-emeric-et-anthony.fr\/wp-content\/uploads\/2021\/07\/ren24.png\" alt=\"\" class=\"wp-image-125\" srcset=\"https:\/\/autour-emeric-et-anthony.fr\/wp-content\/uploads\/2021\/07\/ren24.png 589w, https:\/\/autour-emeric-et-anthony.fr\/wp-content\/uploads\/2021\/07\/ren24-300x194.png 300w\" sizes=\"auto, (max-width: 589px) 100vw, 589px\" \/><\/figure>\n\n\n\n<figure class=\"wp-block-image size-large\"><img loading=\"lazy\" decoding=\"async\" width=\"441\" height=\"284\" data-id=\"126\" src=\"https:\/\/autour-emeric-et-anthony.fr\/wp-content\/uploads\/2021\/07\/ren25.png\" alt=\"\" class=\"wp-image-126\" srcset=\"https:\/\/autour-emeric-et-anthony.fr\/wp-content\/uploads\/2021\/07\/ren25.png 441w, https:\/\/autour-emeric-et-anthony.fr\/wp-content\/uploads\/2021\/07\/ren25-300x193.png 300w\" sizes=\"auto, (max-width: 441px) 100vw, 441px\" \/><\/figure>\n<\/figure>\n\n\n\n<p><\/p>\n","protected":false},"excerpt":{"rendered":"<p>DONS REALISES H\u00f4pital Sud de RENNES L\u2019ASSOCIATION PETITS PRINCES, qui r\u00e9alise \u00e0 les r\u00eaves des enfants gravement malades \u00e0 PARIS TEMOIGNAGES T\u00e9moignage d&rsquo;Estelle du 08\/09\/2021 lors de son inscription aux Foul\u00e9es 2021 \u00ab\u00a0Je profite de ce mail pour vous remercier du fond du c\u0153ur. Je fais votre course depuis plusieurs ann\u00e9es. Celle-ci a pris une [&hellip;]<\/p>\n","protected":false},"author":1,"featured_media":11,"parent":0,"menu_order":0,"comment_status":"closed","ping_status":"closed","template":"","meta":{"footnotes":""},"class_list":["post-29","page","type-page","status-publish","has-post-thumbnail","czr-hentry"],"_links":{"self":[{"href":"https:\/\/autour-emeric-et-anthony.fr\/index.php\/wp-json\/wp\/v2\/pages\/29","targetHints":{"allow":["GET"]}}],"collection":[{"href":"https:\/\/autour-emeric-et-anthony.fr\/index.php\/wp-json\/wp\/v2\/pages"}],"about":[{"href":"https:\/\/autour-emeric-et-anthony.fr\/index.php\/wp-json\/wp\/v2\/types\/page"}],"author":[{"embeddable":true,"href":"https:\/\/autour-emeric-et-anthony.fr\/index.php\/wp-json\/wp\/v2\/users\/1"}],"replies":[{"embeddable":true,"href":"https:\/\/autour-emeric-et-anthony.fr\/index.php\/wp-json\/wp\/v2\/comments?post=29"}],"version-history":[{"count":38,"href":"https:\/\/autour-emeric-et-anthony.fr\/index.php\/wp-json\/wp\/v2\/pages\/29\/revisions"}],"predecessor-version":[{"id":344,"href":"https:\/\/autour-emeric-et-anthony.fr\/index.php\/wp-json\/wp\/v2\/pages\/29\/revisions\/344"}],"wp:featuredmedia":[{"embeddable":true,"href":"https:\/\/autour-emeric-et-anthony.fr\/index.php\/wp-json\/wp\/v2\/media\/11"}],"wp:attachment":[{"href":"https:\/\/autour-emeric-et-anthony.fr\/index.php\/wp-json\/wp\/v2\/media?parent=29"}],"curies":[{"name":"wp","href":"https:\/\/api.w.org\/{rel}","templated":true}]}}